{"id":16378,"date":"2019-11-13T12:02:51","date_gmt":"2019-11-13T11:02:51","guid":{"rendered":"https:\/\/www.trecieffe.it\/?page_id=16378"},"modified":"2025-09-12T09:22:59","modified_gmt":"2025-09-12T07:22:59","slug":"staff","status":"publish","type":"page","link":"https:\/\/www.trecieffe.it\/fr\/staff\/","title":{"rendered":"Staff"},"content":{"rendered":"<div class=\"wpb-content-wrapper\"><p>[vc_row css_animation=&#8221;&#8221; row_type=&#8221;row&#8221; use_row_as_full_screen_section=&#8221;no&#8221; type=&#8221;full_width&#8221; angled_section=&#8221;no&#8221; text_align=&#8221;left&#8221; background_image_as_pattern=&#8221;without_pattern&#8221; z_index=&#8221;&#8221; padding_top=&#8221;0&#8243;][vc_column css=&#8221;.vc_custom_1571208559830{padding-bottom: 20px !important;}&#8221;][vc_row_inner row_type=&#8221;row&#8221; type=&#8221;full_width&#8221; text_align=&#8221;left&#8221; css_animation=&#8221;&#8221;][vc_column_inner width=&#8221;2\/3&#8243;][vc_column_text]<\/p>\n<h4 class=\"p1\"><span class=\"s1\">Aujourd&#8217;hui la soci\u00e9t\u00e9 compte environ 36 personnes, non pas de simples ouvriers et employ\u00e9s, mais plut\u00f4t des professionnels tellement impliqu\u00e9s dans la vie quotidienne de la soci\u00e9t\u00e9 qu\u2019ils s\u2019en sentent partie int\u00e9grante et qui, gr\u00e2ce \u00e0 leur expertise artisanale dans le travail de l\u2019acier, peuvent \u00eatre d\u00e9finis de v\u00e9ritables ma\u00eetres.<\/span><\/h4>\n<p>[\/vc_column_text][\/vc_column_inner][vc_column_inner width=&#8221;1\/3&#8243;][\/vc_column_inner][\/vc_row_inner][\/vc_column][\/vc_row][vc_row css_animation=&#8221;&#8221; row_type=&#8221;row&#8221; use_row_as_full_screen_section=&#8221;no&#8221; type=&#8221;full_width&#8221; angled_section=&#8221;no&#8221; text_align=&#8221;left&#8221; background_image_as_pattern=&#8221;without_pattern&#8221;][vc_column][vc_separator type=&#8221;transparent&#8221; up=&#8221;60&#8243; down=&#8221;40&#8243;][vc_single_image image=&#8221;18463&#8243; img_size=&#8221;full&#8221; alignment=&#8221;center&#8221; qode_css_animation=&#8221;&#8221;][vc_separator type=&#8221;transparent&#8221;][vc_column_text]<\/p>\n<p style=\"text-align: center;\"><strong>LES MEMBRES FONDATEURS<\/strong><\/p>\n<p>&nbsp;<\/p>\n<p>&nbsp;<\/p>\n<p style=\"text-align: center;\">Ivo, Vincenzo, Antonio, Zeno<\/p>\n<p>[\/vc_column_text][\/vc_column][\/vc_row][vc_row css_animation=&#8221;&#8221; row_type=&#8221;row&#8221; use_row_as_full_screen_section=&#8221;no&#8221; type=&#8221;full_width&#8221; angled_section=&#8221;no&#8221; text_align=&#8221;left&#8221; background_image_as_pattern=&#8221;without_pattern&#8221; z_index=&#8221;&#8221; padding_top=&#8221;0&#8243;][vc_column css=&#8221;.vc_custom_1571208559830{padding-bottom: 20px !important;}&#8221;][vc_row_inner row_type=&#8221;row&#8221; type=&#8221;full_width&#8221; text_align=&#8221;left&#8221; css_animation=&#8221;&#8221;][vc_column_inner][vc_separator type=&#8221;normal&#8221; color=&#8221;#363636&#8243; up=&#8221;60&#8243; down=&#8221;40&#8243;][\/vc_column_inner][\/vc_row_inner][\/vc_column][\/vc_row][vc_row css_animation=&#8221;&#8221; row_type=&#8221;row&#8221; use_row_as_full_screen_section=&#8221;no&#8221; type=&#8221;full_width&#8221; angled_section=&#8221;no&#8221; text_align=&#8221;left&#8221; background_image_as_pattern=&#8221;without_pattern&#8221; z_index=&#8221;&#8221; padding_top=&#8221;0&#8243; padding_bottom=&#8221;65&#8243;][vc_column width=&#8221;1\/4&#8243; css=&#8221;.vc_custom_1571208574691{padding-bottom: 20px !important;}&#8221;][vc_single_image image=&#8221;18424&#8243; img_size=&#8221;full&#8221; qode_css_animation=&#8221;&#8221;][vc_separator type=&#8221;transparent&#8221;][vc_column_text]<\/p>\n<h5>Giovanni Dassie<\/h5>\n<p>[\/vc_column_text][vc_separator type=&#8221;transparent&#8221;][vc_column_text]<\/p>\n<p id=\"tw-target-text\" class=\"tw-data-text tw-text-large tw-ta\" dir=\"ltr\" data-placeholder=\"Traduzione\"><span lang=\"fr\" tabindex=\"0\">Responsable technique des ventes<\/span><\/p>\n<p>[\/vc_column_text][vc_separator type=&#8221;transparent&#8221;][\/vc_column][vc_column width=&#8221;1\/4&#8243; css=&#8221;.vc_custom_1571208566621{padding-bottom: 20px !important;}&#8221;][vc_single_image image=&#8221;18433&#8243; img_size=&#8221;full&#8221; qode_css_animation=&#8221;&#8221;][vc_separator type=&#8221;transparent&#8221;][vc_column_text]<\/p>\n<h5>Luca Crosato<\/h5>\n<p>[\/vc_column_text][vc_separator type=&#8221;transparent&#8221;][vc_column_text]Chef de projet[\/vc_column_text][vc_separator type=&#8221;transparent&#8221;][\/vc_column][vc_column width=&#8221;1\/4&#8243;][vc_single_image image=&#8221;18436&#8243; img_size=&#8221;full&#8221; qode_css_animation=&#8221;&#8221;][vc_separator type=&#8221;transparent&#8221;][vc_column_text]<\/p>\n<h5>Marco Crosato<\/h5>\n<p>[\/vc_column_text][vc_separator type=&#8221;transparent&#8221;][vc_column_text]<\/p>\n<p id=\"tw-target-text\" class=\"tw-data-text tw-text-large tw-ta\" dir=\"ltr\" data-placeholder=\"Traduzione\"><span lang=\"fr\" tabindex=\"0\">Responsable technique des ventes<\/span><\/p>\n<p>[\/vc_column_text][vc_separator type=&#8221;transparent&#8221;][\/vc_column][vc_column width=&#8221;1\/4&#8243;][vc_single_image image=&#8221;18457&#8243; img_size=&#8221;full&#8221; qode_css_animation=&#8221;&#8221;][vc_separator type=&#8221;transparent&#8221;][vc_column_text]<\/p>\n<h5>Mauro Marchiante<\/h5>\n<p>[\/vc_column_text][vc_separator type=&#8221;transparent&#8221;][vc_column_text]<\/p>\n<p id=\"tw-target-text\" class=\"tw-data-text tw-text-large tw-ta\" dir=\"ltr\" data-placeholder=\"Traduzione\"><span lang=\"fr\" tabindex=\"0\">Directeur de production<\/span><\/p>\n<p>[\/vc_column_text][vc_separator type=&#8221;transparent&#8221;][\/vc_column][\/vc_row][vc_row css_animation=&#8221;&#8221; row_type=&#8221;row&#8221; use_row_as_full_screen_section=&#8221;no&#8221; type=&#8221;full_width&#8221; angled_section=&#8221;no&#8221; text_align=&#8221;left&#8221; background_image_as_pattern=&#8221;without_pattern&#8221; z_index=&#8221;&#8221; padding_top=&#8221;0&#8243; padding_bottom=&#8221;65&#8243;][vc_column width=&#8221;1\/4&#8243; css=&#8221;.vc_custom_1571208566621{padding-bottom: 20px !important;}&#8221;][vc_single_image image=&#8221;18430&#8243; img_size=&#8221;full&#8221; qode_css_animation=&#8221;&#8221;][vc_separator type=&#8221;transparent&#8221;][vc_column_text]<\/p>\n<h5>Eva Crosato<\/h5>\n<p>[\/vc_column_text][vc_separator type=&#8221;transparent&#8221;][vc_column_text]<\/p>\n<p id=\"tw-target-text\" class=\"tw-data-text tw-text-large tw-ta\" dir=\"ltr\" data-placeholder=\"Traduzione\"><span lang=\"fr\" tabindex=\"0\">Personnel de vente<\/span><\/p>\n<p>[\/vc_column_text][vc_separator type=&#8221;transparent&#8221;][\/vc_column][vc_column width=&#8221;1\/4&#8243; css=&#8221;.vc_custom_1571208559830{padding-bottom: 20px !important;}&#8221;][vc_single_image image=&#8221;18418&#8243; img_size=&#8221;full&#8221; qode_css_animation=&#8221;&#8221;][vc_separator type=&#8221;transparent&#8221;][vc_column_text]<\/p>\n<h5>Katia Crosato<\/h5>\n<p>[\/vc_column_text][vc_separator type=&#8221;transparent&#8221;][vc_column_text]<\/p>\n<p id=\"tw-target-text\" class=\"tw-data-text tw-text-large tw-ta\" dir=\"ltr\" data-placeholder=\"Traduzione\"><span lang=\"fr\" tabindex=\"0\">HR, environnement, responsable qualit\u00e9<\/span><\/p>\n<p>[\/vc_column_text][vc_separator type=&#8221;transparent&#8221;][\/vc_column][vc_column width=&#8221;1\/4&#8243; css=&#8221;.vc_custom_1571208582613{padding-bottom: 20px !important;}&#8221;][vc_single_image image=&#8221;18427&#8243; img_size=&#8221;full&#8221; qode_css_animation=&#8221;&#8221;][vc_separator type=&#8221;transparent&#8221;][vc_column_text]<\/p>\n<h5>Gabriella Barbirato<\/h5>\n<p>[\/vc_column_text][vc_separator type=&#8221;transparent&#8221;][vc_column_text]<\/p>\n<p id=\"tw-target-text\" class=\"tw-data-text tw-text-large tw-ta\" dir=\"ltr\" data-placeholder=\"Traduzione\"><span lang=\"fr\" tabindex=\"0\">Officier d&#8217;administration<\/span><\/p>\n<p>[\/vc_column_text][vc_separator type=&#8221;transparent&#8221;][\/vc_column][vc_column width=&#8221;1\/4&#8243; css=&#8221;.vc_custom_1571208574691{padding-bottom: 20px !important;}&#8221;][vc_single_image image=&#8221;18439&#8243; img_size=&#8221;full&#8221; qode_css_animation=&#8221;&#8221;][vc_separator type=&#8221;transparent&#8221;][vc_column_text]<\/p>\n<h5>Marilisa De Zanet<\/h5>\n<p>[\/vc_column_text][vc_separator type=&#8221;transparent&#8221;][vc_column_text]Responsable des achats[\/vc_column_text][vc_separator type=&#8221;transparent&#8221;][\/vc_column][\/vc_row][vc_row css_animation=&#8221;&#8221; row_type=&#8221;row&#8221; use_row_as_full_screen_section=&#8221;no&#8221; type=&#8221;full_width&#8221; angled_section=&#8221;no&#8221; text_align=&#8221;left&#8221; background_image_as_pattern=&#8221;without_pattern&#8221; z_index=&#8221;&#8221; padding_top=&#8221;0&#8243; padding_bottom=&#8221;65&#8243;][vc_column width=&#8221;1\/4&#8243;][vc_single_image image=&#8221;18959&#8243; img_size=&#8221;full&#8221; qode_css_animation=&#8221;&#8221;][vc_separator type=&#8221;transparent&#8221;][vc_column_text]<\/p>\n<h5>Alberto Zanardo<\/h5>\n<p>[\/vc_column_text][vc_separator type=&#8221;transparent&#8221;][vc_column_text css=&#8221;&#8221;]Op\u00e9rateur de d\u00e9coupe laser[\/vc_column_text][vc_separator type=&#8221;transparent&#8221;][\/vc_column][\/vc_row][vc_column][\/vc_column]<\/p>\n<\/div>","protected":false},"excerpt":{"rendered":"<p>[vc_row css_animation=&#8221;&#8221; row_type=&#8221;row&#8221; use_row_as_full_screen_section=&#8221;no&#8221; type=&#8221;full_width&#8221; angled_section=&#8221;no&#8221; text_align=&#8221;left&#8221; background_image_as_pattern=&#8221;without_pattern&#8221; z_index=&#8221;&#8221; padding_top=&#8221;0&#8243;][vc_column css=&#8221;.vc_custom_1571208559830{padding-bottom: 20px !important;}&#8221;][vc_row_inner row_type=&#8221;row&#8221; type=&#8221;full_width&#8221; text_align=&#8221;left&#8221; css_animation=&#8221;&#8221;][vc_column_inner width=&#8221;2\/3&#8243;][vc_column_text] Aujourd&#8217;hui la soci\u00e9t\u00e9 compte environ 36 personnes, non pas de simples ouvriers et employ\u00e9s, mais plut\u00f4t des professionnels tellement impliqu\u00e9s dans la vie quotidienne de la soci\u00e9t\u00e9&#8230;<\/p>\n","protected":false},"author":1,"featured_media":0,"parent":0,"menu_order":0,"comment_status":"closed","ping_status":"closed","template":"","meta":{"_acf_changed":false,"footnotes":""},"class_list":["post-16378","page","type-page","status-publish","hentry"],"acf":[],"yoast_head":"<!-- This site is optimized with the Yoast SEO plugin v26.0 - https:\/\/yoast.com\/wordpress\/plugins\/seo\/ -->\n<title>Staff - Trecieffe - Cuves en acier inoxydable pour tous les secteurs<\/title>\n<meta name=\"description\" content=\"Aujourd&#039;hui la soci\u00e9t\u00e9 compte environ 30 personnes, non pas de simples ouvriers et employ\u00e9s, mais plut\u00f4t des professionnels tellement impliqu\u00e9s dans la vie quotidienne de la soci\u00e9t\u00e9 qu\u2019ils s\u2019en sentent partie int\u00e9grante et qui, gr\u00e2ce \u00e0 leur expertise artisanale dans le travail de l\u2019acier, peuvent \u00eatre d\u00e9finis de v\u00e9ritables ma\u00eetres.\" \/>\n<meta name=\"robots\" content=\"index, follow, max-snippet:-1, max-image-preview:large, max-video-preview:-1\" \/>\n<link rel=\"canonical\" href=\"https:\/\/www.trecieffe.it\/fr\/staff\/\" \/>\n<meta property=\"og:locale\" content=\"fr_FR\" \/>\n<meta property=\"og:type\" content=\"article\" \/>\n<meta property=\"og:title\" content=\"Staff - Trecieffe - Cuves en acier inoxydable pour tous les secteurs\" \/>\n<meta property=\"og:description\" content=\"Aujourd&#039;hui la soci\u00e9t\u00e9 compte environ 30 personnes, non pas de simples ouvriers et employ\u00e9s, mais plut\u00f4t des professionnels tellement impliqu\u00e9s dans la vie quotidienne de la soci\u00e9t\u00e9 qu\u2019ils s\u2019en sentent partie int\u00e9grante et qui, gr\u00e2ce \u00e0 leur expertise artisanale dans le travail de l\u2019acier, peuvent \u00eatre d\u00e9finis de v\u00e9ritables ma\u00eetres.\" \/>\n<meta property=\"og:url\" content=\"https:\/\/www.trecieffe.it\/fr\/staff\/\" \/>\n<meta property=\"og:site_name\" content=\"Trecieffe\" \/>\n<meta property=\"article:modified_time\" content=\"2025-09-12T07:22:59+00:00\" \/>\n<meta name=\"twitter:card\" content=\"summary_large_image\" \/>\n<meta name=\"twitter:label1\" content=\"Dur\u00e9e de lecture estim\u00e9e\" \/>\n\t<meta name=\"twitter:data1\" content=\"4 minutes\" \/>\n<script type=\"application\/ld+json\" class=\"yoast-schema-graph\">{\"@context\":\"https:\/\/schema.org\",\"@graph\":[{\"@type\":\"WebPage\",\"@id\":\"https:\/\/www.trecieffe.it\/fr\/staff\/\",\"url\":\"https:\/\/www.trecieffe.it\/fr\/staff\/\",\"name\":\"Staff - Trecieffe - Cuves en acier inoxydable pour tous les secteurs\",\"isPartOf\":{\"@id\":\"https:\/\/www.trecieffe.it\/fr\/#website\"},\"datePublished\":\"2019-11-13T11:02:51+00:00\",\"dateModified\":\"2025-09-12T07:22:59+00:00\",\"description\":\"Aujourd'hui la soci\u00e9t\u00e9 compte environ 30 personnes, non pas de simples ouvriers et employ\u00e9s, mais plut\u00f4t des professionnels tellement impliqu\u00e9s dans la vie quotidienne de la soci\u00e9t\u00e9 qu\u2019ils s\u2019en sentent partie int\u00e9grante et qui, gr\u00e2ce \u00e0 leur expertise artisanale dans le travail de l\u2019acier, peuvent \u00eatre d\u00e9finis de v\u00e9ritables ma\u00eetres.\",\"breadcrumb\":{\"@id\":\"https:\/\/www.trecieffe.it\/fr\/staff\/#breadcrumb\"},\"inLanguage\":\"fr-FR\",\"potentialAction\":[{\"@type\":\"ReadAction\",\"target\":[\"https:\/\/www.trecieffe.it\/fr\/staff\/\"]}]},{\"@type\":\"BreadcrumbList\",\"@id\":\"https:\/\/www.trecieffe.it\/fr\/staff\/#breadcrumb\",\"itemListElement\":[{\"@type\":\"ListItem\",\"position\":1,\"name\":\"Home\",\"item\":\"https:\/\/www.trecieffe.it\/fr\/\"},{\"@type\":\"ListItem\",\"position\":2,\"name\":\"Staff\"}]},{\"@type\":\"WebSite\",\"@id\":\"https:\/\/www.trecieffe.it\/fr\/#website\",\"url\":\"https:\/\/www.trecieffe.it\/fr\/\",\"name\":\"Trecieffe\",\"description\":\"Cuves en acier inoxydable pour tous les secteurs\",\"potentialAction\":[{\"@type\":\"SearchAction\",\"target\":{\"@type\":\"EntryPoint\",\"urlTemplate\":\"https:\/\/www.trecieffe.it\/fr\/?s={search_term_string}\"},\"query-input\":{\"@type\":\"PropertyValueSpecification\",\"valueRequired\":true,\"valueName\":\"search_term_string\"}}],\"inLanguage\":\"fr-FR\"}]}<\/script>\n<!-- \/ Yoast SEO plugin. -->","yoast_head_json":{"title":"Staff - Trecieffe - Cuves en acier inoxydable pour tous les secteurs","description":"Aujourd'hui la soci\u00e9t\u00e9 compte environ 30 personnes, non pas de simples ouvriers et employ\u00e9s, mais plut\u00f4t des professionnels tellement impliqu\u00e9s dans la vie quotidienne de la soci\u00e9t\u00e9 qu\u2019ils s\u2019en sentent partie int\u00e9grante et qui, gr\u00e2ce \u00e0 leur expertise artisanale dans le travail de l\u2019acier, peuvent \u00eatre d\u00e9finis de v\u00e9ritables ma\u00eetres.","robots":{"index":"index","follow":"follow","max-snippet":"max-snippet:-1","max-image-preview":"max-image-preview:large","max-video-preview":"max-video-preview:-1"},"canonical":"https:\/\/www.trecieffe.it\/fr\/staff\/","og_locale":"fr_FR","og_type":"article","og_title":"Staff - Trecieffe - Cuves en acier inoxydable pour tous les secteurs","og_description":"Aujourd'hui la soci\u00e9t\u00e9 compte environ 30 personnes, non pas de simples ouvriers et employ\u00e9s, mais plut\u00f4t des professionnels tellement impliqu\u00e9s dans la vie quotidienne de la soci\u00e9t\u00e9 qu\u2019ils s\u2019en sentent partie int\u00e9grante et qui, gr\u00e2ce \u00e0 leur expertise artisanale dans le travail de l\u2019acier, peuvent \u00eatre d\u00e9finis de v\u00e9ritables ma\u00eetres.","og_url":"https:\/\/www.trecieffe.it\/fr\/staff\/","og_site_name":"Trecieffe","article_modified_time":"2025-09-12T07:22:59+00:00","twitter_card":"summary_large_image","twitter_misc":{"Dur\u00e9e de lecture estim\u00e9e":"4 minutes"},"schema":{"@context":"https:\/\/schema.org","@graph":[{"@type":"WebPage","@id":"https:\/\/www.trecieffe.it\/fr\/staff\/","url":"https:\/\/www.trecieffe.it\/fr\/staff\/","name":"Staff - Trecieffe - Cuves en acier inoxydable pour tous les secteurs","isPartOf":{"@id":"https:\/\/www.trecieffe.it\/fr\/#website"},"datePublished":"2019-11-13T11:02:51+00:00","dateModified":"2025-09-12T07:22:59+00:00","description":"Aujourd'hui la soci\u00e9t\u00e9 compte environ 30 personnes, non pas de simples ouvriers et employ\u00e9s, mais plut\u00f4t des professionnels tellement impliqu\u00e9s dans la vie quotidienne de la soci\u00e9t\u00e9 qu\u2019ils s\u2019en sentent partie int\u00e9grante et qui, gr\u00e2ce \u00e0 leur expertise artisanale dans le travail de l\u2019acier, peuvent \u00eatre d\u00e9finis de v\u00e9ritables ma\u00eetres.","breadcrumb":{"@id":"https:\/\/www.trecieffe.it\/fr\/staff\/#breadcrumb"},"inLanguage":"fr-FR","potentialAction":[{"@type":"ReadAction","target":["https:\/\/www.trecieffe.it\/fr\/staff\/"]}]},{"@type":"BreadcrumbList","@id":"https:\/\/www.trecieffe.it\/fr\/staff\/#breadcrumb","itemListElement":[{"@type":"ListItem","position":1,"name":"Home","item":"https:\/\/www.trecieffe.it\/fr\/"},{"@type":"ListItem","position":2,"name":"Staff"}]},{"@type":"WebSite","@id":"https:\/\/www.trecieffe.it\/fr\/#website","url":"https:\/\/www.trecieffe.it\/fr\/","name":"Trecieffe","description":"Cuves en acier inoxydable pour tous les secteurs","potentialAction":[{"@type":"SearchAction","target":{"@type":"EntryPoint","urlTemplate":"https:\/\/www.trecieffe.it\/fr\/?s={search_term_string}"},"query-input":{"@type":"PropertyValueSpecification","valueRequired":true,"valueName":"search_term_string"}}],"inLanguage":"fr-FR"}]}},"_links":{"self":[{"href":"https:\/\/www.trecieffe.it\/fr\/wp-json\/wp\/v2\/pages\/16378","targetHints":{"allow":["GET"]}}],"collection":[{"href":"https:\/\/www.trecieffe.it\/fr\/wp-json\/wp\/v2\/pages"}],"about":[{"href":"https:\/\/www.trecieffe.it\/fr\/wp-json\/wp\/v2\/types\/page"}],"author":[{"embeddable":true,"href":"https:\/\/www.trecieffe.it\/fr\/wp-json\/wp\/v2\/users\/1"}],"replies":[{"embeddable":true,"href":"https:\/\/www.trecieffe.it\/fr\/wp-json\/wp\/v2\/comments?post=16378"}],"version-history":[{"count":11,"href":"https:\/\/www.trecieffe.it\/fr\/wp-json\/wp\/v2\/pages\/16378\/revisions"}],"predecessor-version":[{"id":19340,"href":"https:\/\/www.trecieffe.it\/fr\/wp-json\/wp\/v2\/pages\/16378\/revisions\/19340"}],"wp:attachment":[{"href":"https:\/\/www.trecieffe.it\/fr\/wp-json\/wp\/v2\/media?parent=16378"}],"curies":[{"name":"wp","href":"https:\/\/api.w.org\/{rel}","templated":true}]}}